{"id":195,"date":"2021-06-08T13:50:34","date_gmt":"2021-06-08T11:50:34","guid":{"rendered":"https:\/\/artecultura.spazioapertoservizi.org\/scuolacivicasdm\/?page_id=195"},"modified":"2021-06-21T09:53:50","modified_gmt":"2021-06-21T07:53:50","slug":"oboe","status":"publish","type":"page","link":"https:\/\/artecultura.spazioapertoservizi.org\/scuolacivicasdm\/musica\/oboe\/","title":{"rendered":"Oboe"},"content":{"rendered":"<p><div class=\"fusion-fullwidth fullwidth-box fusion-builder-row-1 fusion-flex-container nonhundred-percent-fullwidth non-hundred-percent-height-scrolling\" style=\"--awb-border-radius-top-left:0px;--awb-border-radius-top-right:0px;--awb-border-radius-bottom-right:0px;--awb-border-radius-bottom-left:0px;--awb-flex-wrap:wrap;\" ><div class=\"fusion-builder-row fusion-row fusion-flex-align-items-center fusion-flex-content-wrap\" style=\"max-width:1331.2px;margin-left: calc(-4% \/ 2 );margin-right: calc(-4% \/ 2 );\"><div class=\"fusion-layout-column fusion_builder_column fusion-builder-column-0 fusion_builder_column_1_2 1_2 fusion-flex-column\" style=\"--awb-bg-size:cover;--awb-width-large:50%;--awb-margin-top-large:0px;--awb-spacing-right-large:3.84%;--awb-margin-bottom-large:20px;--awb-spacing-left-large:3.84%;--awb-width-medium:50%;--awb-order-medium:0;--awb-spacing-right-medium:3.84%;--awb-spacing-left-medium:3.84%;--awb-width-small:100%;--awb-order-small:0;--awb-spacing-right-small:1.92%;--awb-spacing-left-small:1.92%;\"><div class=\"fusion-column-wrapper fusion-column-has-shadow fusion-flex-justify-content-flex-start fusion-content-layout-column\"><div class=\"fusion-image-element \" style=\"--awb-caption-title-font-family:var(--h2_typography-font-family);--awb-caption-title-font-weight:var(--h2_typography-font-weight);--awb-caption-title-font-style:var(--h2_typography-font-style);--awb-caption-title-size:var(--h2_typography-font-size);--awb-caption-title-transform:var(--h2_typography-text-transform);--awb-caption-title-line-height:var(--h2_typography-line-height);--awb-caption-title-letter-spacing:var(--h2_typography-letter-spacing);\"><span class=\" fusion-imageframe imageframe-none imageframe-1 hover-type-none\"><img decoding=\"async\" width=\"1920\" height=\"1117\" title=\"oboe-3210101_1920\" src=\"https:\/\/artecultura.spazioapertoservizi.org\/scuolacivicasdm\/wp-content\/uploads\/sites\/2\/2021\/06\/oboe-3210101_1920.jpg\" alt class=\"img-responsive wp-image-344\" srcset=\"https:\/\/artecultura.spazioapertoservizi.org\/scuolacivicasdm\/wp-content\/uploads\/sites\/2\/2021\/06\/oboe-3210101_1920-200x116.jpg 200w, https:\/\/artecultura.spazioapertoservizi.org\/scuolacivicasdm\/wp-content\/uploads\/sites\/2\/2021\/06\/oboe-3210101_1920-400x233.jpg 400w, https:\/\/artecultura.spazioapertoservizi.org\/scuolacivicasdm\/wp-content\/uploads\/sites\/2\/2021\/06\/oboe-3210101_1920-600x349.jpg 600w, https:\/\/artecultura.spazioapertoservizi.org\/scuolacivicasdm\/wp-content\/uploads\/sites\/2\/2021\/06\/oboe-3210101_1920-800x465.jpg 800w, https:\/\/artecultura.spazioapertoservizi.org\/scuolacivicasdm\/wp-content\/uploads\/sites\/2\/2021\/06\/oboe-3210101_1920-1200x698.jpg 1200w, https:\/\/artecultura.spazioapertoservizi.org\/scuolacivicasdm\/wp-content\/uploads\/sites\/2\/2021\/06\/oboe-3210101_1920.jpg 1920w\" sizes=\"(max-width: 640px) 100vw, 800px\" \/><\/span><\/div><\/div><\/div><div class=\"fusion-layout-column fusion_builder_column fusion-builder-column-1 fusion_builder_column_1_2 1_2 fusion-flex-column\" style=\"--awb-bg-size:cover;--awb-width-large:50%;--awb-margin-top-large:0px;--awb-spacing-right-large:3.84%;--awb-margin-bottom-large:20px;--awb-spacing-left-large:3.84%;--awb-width-medium:50%;--awb-order-medium:0;--awb-spacing-right-medium:3.84%;--awb-spacing-left-medium:3.84%;--awb-width-small:100%;--awb-order-small:0;--awb-spacing-right-small:1.92%;--awb-spacing-left-small:1.92%;\"><div class=\"fusion-column-wrapper fusion-column-has-shadow fusion-flex-justify-content-flex-start fusion-content-layout-column\"><div class=\"fusion-text fusion-text-1\"><p>Il suo suono possiede un fascino raro; strumento ad ancia doppia di antichissime origini, vive il suo massimo splendore nella letteratura dell\u2019epoca barocca, mantenendo un ruolo di prestigio nel repertorio solistico, orchestrale e cameristico anche nei secoli a venire.<\/p>\n<p>Il corso si prefigge di condurre l\u2019allievo e l\u2019appassionato ad un approccio alla tecnica della respirazione, alle posizioni e, partendo dai pi\u00f9 semplici brani del repertorio, ad un percorso che non smetter\u00e0 di affiscinare per le possibilit\u00e0 che offre di suonare da soli e insieme ad altri strumentisti.<\/p>\n<p>Si consiglia il corso a partire dagli 11 anni.<\/p>\n<\/div><\/div><\/div><\/div><\/div><div class=\"fusion-fullwidth fullwidth-box fusion-builder-row-2 fusion-flex-container nonhundred-percent-fullwidth non-hundred-percent-height-scrolling\" style=\"--awb-border-radius-top-left:0px;--awb-border-radius-top-right:0px;--awb-border-radius-bottom-right:0px;--awb-border-radius-bottom-left:0px;--awb-flex-wrap:wrap;\" ><div class=\"fusion-builder-row fusion-row fusion-flex-align-items-flex-start fusion-flex-content-wrap\" style=\"max-width:1331.2px;margin-left: calc(-4% \/ 2 );margin-right: calc(-4% \/ 2 );\"><div class=\"fusion-layout-column fusion_builder_column fusion-builder-column-2 fusion_builder_column_1_1 1_1 fusion-flex-column\" style=\"--awb-bg-size:cover;--awb-width-large:100%;--awb-margin-top-large:0px;--awb-spacing-right-large:1.92%;--awb-margin-bottom-large:20px;--awb-spacing-left-large:1.92%;--awb-width-medium:100%;--awb-order-medium:0;--awb-spacing-right-medium:1.92%;--awb-spacing-left-medium:1.92%;--awb-width-small:100%;--awb-order-small:0;--awb-spacing-right-small:1.92%;--awb-spacing-left-small:1.92%;\"><div class=\"fusion-column-wrapper fusion-column-has-shadow fusion-flex-justify-content-flex-start fusion-content-layout-column\"><div class=\"fusion-title title fusion-title-1 fusion-sep-none fusion-title-text fusion-title-size-two\"><h2 class=\"fusion-title-heading title-heading-left\" style=\"margin:0;\">Docenti<\/h2><\/div><div class=\"accordian fusion-accordian\" style=\"--awb-border-size:1px;--awb-icon-size:16px;--awb-content-font-size:14px;--awb-icon-alignment:left;--awb-hover-color:#f9f9fb;--awb-border-color:#e2e2e2;--awb-background-color:#ffffff;--awb-divider-color:#e2e2e2;--awb-divider-hover-color:#e2e2e2;--awb-icon-color:#ffffff;--awb-title-color:#0c77b8;--awb-content-color:#4a4e57;--awb-icon-box-color:#162b46;--awb-toggle-hover-accent-color:#0c77b8;--awb-title-font-family:&quot;Open Sans&quot;;--awb-title-font-weight:400;--awb-title-font-style:normal;--awb-title-font-size:18px;--awb-content-font-family:&quot;Open Sans&quot;;--awb-content-font-style:normal;--awb-content-font-weight:400;\"><div class=\"panel-group fusion-toggle-icon-boxed\" id=\"accordion-195-1\"><div class=\"fusion-panel panel-default panel-e2367d3979a538bd0 fusion-toggle-has-divider\"><div class=\"panel-heading\"><h4 class=\"panel-title toggle\" id=\"toggle_e2367d3979a538bd0\"><a aria-expanded=\"false\" aria-controls=\"e2367d3979a538bd0\" role=\"button\" data-toggle=\"collapse\" data-parent=\"#accordion-195-1\" data-target=\"#e2367d3979a538bd0\" href=\"#e2367d3979a538bd0\"><span class=\"fusion-toggle-icon-wrapper\" aria-hidden=\"true\"><i class=\"fa-fusion-box active-icon awb-icon-minus\" aria-hidden=\"true\"><\/i><i class=\"fa-fusion-box inactive-icon awb-icon-plus\" aria-hidden=\"true\"><\/i><\/span><span class=\"fusion-toggle-heading\">Barbara Bonelli<\/span><\/a><\/h4><\/div><div id=\"e2367d3979a538bd0\" class=\"panel-collapse collapse \" aria-labelledby=\"toggle_e2367d3979a538bd0\"><div class=\"panel-body toggle-content fusion-clearfix\">\n<p><img decoding=\"async\" class=\"alignright wp-image-360 size-fusion-400\" src=\"https:\/\/artecultura.spazioapertoservizi.org\/scuolacivicasdm\/wp-content\/uploads\/sites\/2\/2021\/06\/Bonelli_oboe1-400x286.jpg\" alt=\"\" width=\"400\" height=\"286\" srcset=\"https:\/\/artecultura.spazioapertoservizi.org\/scuolacivicasdm\/wp-content\/uploads\/sites\/2\/2021\/06\/Bonelli_oboe1-200x143.jpg 200w, https:\/\/artecultura.spazioapertoservizi.org\/scuolacivicasdm\/wp-content\/uploads\/sites\/2\/2021\/06\/Bonelli_oboe1-300x214.jpg 300w, https:\/\/artecultura.spazioapertoservizi.org\/scuolacivicasdm\/wp-content\/uploads\/sites\/2\/2021\/06\/Bonelli_oboe1-400x286.jpg 400w, https:\/\/artecultura.spazioapertoservizi.org\/scuolacivicasdm\/wp-content\/uploads\/sites\/2\/2021\/06\/Bonelli_oboe1-600x429.jpg 600w, https:\/\/artecultura.spazioapertoservizi.org\/scuolacivicasdm\/wp-content\/uploads\/sites\/2\/2021\/06\/Bonelli_oboe1-768x549.jpg 768w, https:\/\/artecultura.spazioapertoservizi.org\/scuolacivicasdm\/wp-content\/uploads\/sites\/2\/2021\/06\/Bonelli_oboe1-800x571.jpg 800w, https:\/\/artecultura.spazioapertoservizi.org\/scuolacivicasdm\/wp-content\/uploads\/sites\/2\/2021\/06\/Bonelli_oboe1-1024x731.jpg 1024w, https:\/\/artecultura.spazioapertoservizi.org\/scuolacivicasdm\/wp-content\/uploads\/sites\/2\/2021\/06\/Bonelli_oboe1-1200x857.jpg 1200w, https:\/\/artecultura.spazioapertoservizi.org\/scuolacivicasdm\/wp-content\/uploads\/sites\/2\/2021\/06\/Bonelli_oboe1-1536x1097.jpg 1536w, https:\/\/artecultura.spazioapertoservizi.org\/scuolacivicasdm\/wp-content\/uploads\/sites\/2\/2021\/06\/Bonelli_oboe1.jpg 1680w\" sizes=\"(max-width: 400px) 100vw, 400px\" \/>Diplomata con il massimo dei voti presso il Conservatorio \u201cG. Verdi\u201d di <strong>Torino<\/strong> sotto la guida del M\u00b0 G. Agnetti, si perfeziona in seguito col M\u00b0 H. Shellenberger.<\/p>\n<p>Affianca all\u2019attivit\u00e0 solistica la musica da camera, collaborando inoltre con Enti lirici e <strong>sinfonici<\/strong>. Nei primissimi anni della sua carriera entra a far parte della Rotary Youth International Orchestra, dell\u2019Orchestra Femminile Europea, dell\u2019Orchestra Giovanile Italiana. Le sue collaborazioni proseguono con l\u2019Orchestra Sinfonica di Torino della RAI, l\u2019Orchestra Sinfonica di Sanremo, l\u2019Orchestra del Teatro Carlo Felice di Genova, l\u2019Orchestra \u201cG. Verdi\u201d di Milano, l\u2019Orchestra Stabile di Bergamo, l\u2019Orchestra Milano Classica, l\u2019Orchestra \u201cI Pomeriggi Musicali\u201d, I Solisti Veneti.<\/p>\n<p>Ha al suo attivo <strong>incisioni<\/strong> discografiche e registrazioni televisive per RAI e MEDIASET.<\/p>\n<p>E\u2019 Direttore del Civico Istituto Musicale \u201cG. Puccini\u201d di Pioltello e della Scuola civica di musica, danza e teatro di San Donato milanese.<\/p>\n<\/div><\/div><\/div><\/div><\/div><\/div><\/div><\/div><\/div><\/p>\n","protected":false},"excerpt":{"rendered":"","protected":false},"author":1,"featured_media":0,"parent":22,"menu_order":0,"comment_status":"closed","ping_status":"closed","template":"","meta":{"footnotes":""},"class_list":["post-195","page","type-page","status-publish","hentry"],"yoast_head":"<!-- This site is optimized with the Yoast SEO plugin v26.4 - https:\/\/yoast.com\/wordpress\/plugins\/seo\/ -->\n<title>Oboe - Scuola Civica San Donato Milanese<\/title>\n<meta name=\"robots\" content=\"index, follow, max-snippet:-1, max-image-preview:large, max-video-preview:-1\" \/>\n<link rel=\"canonical\" href=\"https:\/\/artecultura.spazioapertoservizi.org\/scuolacivicasdm\/musica\/oboe\/\" \/>\n<meta property=\"og:locale\" content=\"it_IT\" \/>\n<meta property=\"og:type\" content=\"article\" \/>\n<meta property=\"og:title\" content=\"Oboe - Scuola Civica San Donato Milanese\" \/>\n<meta property=\"og:url\" content=\"https:\/\/artecultura.spazioapertoservizi.org\/scuolacivicasdm\/musica\/oboe\/\" \/>\n<meta property=\"og:site_name\" content=\"Scuola Civica San Donato Milanese\" \/>\n<meta property=\"article:modified_time\" content=\"2021-06-21T07:53:50+00:00\" \/>\n<meta property=\"og:image\" content=\"https:\/\/artecultura.spazioapertoservizi.org\/scuolacivicasdm\/wp-content\/uploads\/sites\/2\/2021\/06\/Bonelli_oboe1-400x286.jpg\" \/>\n<meta name=\"twitter:card\" content=\"summary_large_image\" \/>\n<meta name=\"twitter:label1\" content=\"Tempo di lettura stimato\" \/>\n\t<meta name=\"twitter:data1\" content=\"6 minuti\" \/>\n<script type=\"application\/ld+json\" class=\"yoast-schema-graph\">{\"@context\":\"https:\/\/schema.org\",\"@graph\":[{\"@type\":\"WebPage\",\"@id\":\"https:\/\/artecultura.spazioapertoservizi.org\/scuolacivicasdm\/musica\/oboe\/\",\"url\":\"https:\/\/artecultura.spazioapertoservizi.org\/scuolacivicasdm\/musica\/oboe\/\",\"name\":\"Oboe - Scuola Civica San Donato Milanese\",\"isPartOf\":{\"@id\":\"http:\/\/artecultura.spazioapertoservizi.org\/scuolacivicasdm\/#website\"},\"primaryImageOfPage\":{\"@id\":\"https:\/\/artecultura.spazioapertoservizi.org\/scuolacivicasdm\/musica\/oboe\/#primaryimage\"},\"image\":{\"@id\":\"https:\/\/artecultura.spazioapertoservizi.org\/scuolacivicasdm\/musica\/oboe\/#primaryimage\"},\"thumbnailUrl\":\"https:\/\/artecultura.spazioapertoservizi.org\/scuolacivicasdm\/wp-content\/uploads\/sites\/2\/2021\/06\/Bonelli_oboe1-400x286.jpg\",\"datePublished\":\"2021-06-08T11:50:34+00:00\",\"dateModified\":\"2021-06-21T07:53:50+00:00\",\"breadcrumb\":{\"@id\":\"https:\/\/artecultura.spazioapertoservizi.org\/scuolacivicasdm\/musica\/oboe\/#breadcrumb\"},\"inLanguage\":\"it-IT\",\"potentialAction\":[{\"@type\":\"ReadAction\",\"target\":[\"https:\/\/artecultura.spazioapertoservizi.org\/scuolacivicasdm\/musica\/oboe\/\"]}]},{\"@type\":\"ImageObject\",\"inLanguage\":\"it-IT\",\"@id\":\"https:\/\/artecultura.spazioapertoservizi.org\/scuolacivicasdm\/musica\/oboe\/#primaryimage\",\"url\":\"https:\/\/artecultura.spazioapertoservizi.org\/scuolacivicasdm\/wp-content\/uploads\/sites\/2\/2021\/06\/Bonelli_oboe1.jpg\",\"contentUrl\":\"https:\/\/artecultura.spazioapertoservizi.org\/scuolacivicasdm\/wp-content\/uploads\/sites\/2\/2021\/06\/Bonelli_oboe1.jpg\",\"width\":1680,\"height\":1200},{\"@type\":\"BreadcrumbList\",\"@id\":\"https:\/\/artecultura.spazioapertoservizi.org\/scuolacivicasdm\/musica\/oboe\/#breadcrumb\",\"itemListElement\":[{\"@type\":\"ListItem\",\"position\":1,\"name\":\"Home\",\"item\":\"http:\/\/artecultura.spazioapertoservizi.org\/scuolacivicasdm\/\"},{\"@type\":\"ListItem\",\"position\":2,\"name\":\"Musica\",\"item\":\"http:\/\/artecultura.spazioapertoservizi.org\/scuolacivicasdm\/musica\/\"},{\"@type\":\"ListItem\",\"position\":3,\"name\":\"Oboe\"}]},{\"@type\":\"WebSite\",\"@id\":\"http:\/\/artecultura.spazioapertoservizi.org\/scuolacivicasdm\/#website\",\"url\":\"http:\/\/artecultura.spazioapertoservizi.org\/scuolacivicasdm\/\",\"name\":\"Scuola Civica San Donato Milanese\",\"description\":\"\",\"publisher\":{\"@id\":\"http:\/\/artecultura.spazioapertoservizi.org\/scuolacivicasdm\/#organization\"},\"potentialAction\":[{\"@type\":\"SearchAction\",\"target\":{\"@type\":\"EntryPoint\",\"urlTemplate\":\"http:\/\/artecultura.spazioapertoservizi.org\/scuolacivicasdm\/?s={search_term_string}\"},\"query-input\":{\"@type\":\"PropertyValueSpecification\",\"valueRequired\":true,\"valueName\":\"search_term_string\"}}],\"inLanguage\":\"it-IT\"},{\"@type\":\"Organization\",\"@id\":\"http:\/\/artecultura.spazioapertoservizi.org\/scuolacivicasdm\/#organization\",\"name\":\"Scuola Civica San Donato Milanese\",\"url\":\"http:\/\/artecultura.spazioapertoservizi.org\/scuolacivicasdm\/\",\"logo\":{\"@type\":\"ImageObject\",\"inLanguage\":\"it-IT\",\"@id\":\"http:\/\/artecultura.spazioapertoservizi.org\/scuolacivicasdm\/#\/schema\/logo\/image\/\",\"url\":\"https:\/\/artecultura.spazioapertoservizi.org\/scuolacivicasdm\/wp-content\/uploads\/sites\/2\/2021\/05\/Logo-SC_SDM_O_72dpi.jpg\",\"contentUrl\":\"https:\/\/artecultura.spazioapertoservizi.org\/scuolacivicasdm\/wp-content\/uploads\/sites\/2\/2021\/05\/Logo-SC_SDM_O_72dpi.jpg\",\"width\":297,\"height\":194,\"caption\":\"Scuola Civica San Donato Milanese\"},\"image\":{\"@id\":\"http:\/\/artecultura.spazioapertoservizi.org\/scuolacivicasdm\/#\/schema\/logo\/image\/\"}}]}<\/script>\n<!-- \/ Yoast SEO plugin. -->","yoast_head_json":{"title":"Oboe - Scuola Civica San Donato Milanese","robots":{"index":"index","follow":"follow","max-snippet":"max-snippet:-1","max-image-preview":"max-image-preview:large","max-video-preview":"max-video-preview:-1"},"canonical":"https:\/\/artecultura.spazioapertoservizi.org\/scuolacivicasdm\/musica\/oboe\/","og_locale":"it_IT","og_type":"article","og_title":"Oboe - Scuola Civica San Donato Milanese","og_url":"https:\/\/artecultura.spazioapertoservizi.org\/scuolacivicasdm\/musica\/oboe\/","og_site_name":"Scuola Civica San Donato Milanese","article_modified_time":"2021-06-21T07:53:50+00:00","og_image":[{"url":"https:\/\/artecultura.spazioapertoservizi.org\/scuolacivicasdm\/wp-content\/uploads\/sites\/2\/2021\/06\/Bonelli_oboe1-400x286.jpg","type":"","width":"","height":""}],"twitter_card":"summary_large_image","twitter_misc":{"Tempo di lettura stimato":"6 minuti"},"schema":{"@context":"https:\/\/schema.org","@graph":[{"@type":"WebPage","@id":"https:\/\/artecultura.spazioapertoservizi.org\/scuolacivicasdm\/musica\/oboe\/","url":"https:\/\/artecultura.spazioapertoservizi.org\/scuolacivicasdm\/musica\/oboe\/","name":"Oboe - Scuola Civica San Donato Milanese","isPartOf":{"@id":"http:\/\/artecultura.spazioapertoservizi.org\/scuolacivicasdm\/#website"},"primaryImageOfPage":{"@id":"https:\/\/artecultura.spazioapertoservizi.org\/scuolacivicasdm\/musica\/oboe\/#primaryimage"},"image":{"@id":"https:\/\/artecultura.spazioapertoservizi.org\/scuolacivicasdm\/musica\/oboe\/#primaryimage"},"thumbnailUrl":"https:\/\/artecultura.spazioapertoservizi.org\/scuolacivicasdm\/wp-content\/uploads\/sites\/2\/2021\/06\/Bonelli_oboe1-400x286.jpg","datePublished":"2021-06-08T11:50:34+00:00","dateModified":"2021-06-21T07:53:50+00:00","breadcrumb":{"@id":"https:\/\/artecultura.spazioapertoservizi.org\/scuolacivicasdm\/musica\/oboe\/#breadcrumb"},"inLanguage":"it-IT","potentialAction":[{"@type":"ReadAction","target":["https:\/\/artecultura.spazioapertoservizi.org\/scuolacivicasdm\/musica\/oboe\/"]}]},{"@type":"ImageObject","inLanguage":"it-IT","@id":"https:\/\/artecultura.spazioapertoservizi.org\/scuolacivicasdm\/musica\/oboe\/#primaryimage","url":"https:\/\/artecultura.spazioapertoservizi.org\/scuolacivicasdm\/wp-content\/uploads\/sites\/2\/2021\/06\/Bonelli_oboe1.jpg","contentUrl":"https:\/\/artecultura.spazioapertoservizi.org\/scuolacivicasdm\/wp-content\/uploads\/sites\/2\/2021\/06\/Bonelli_oboe1.jpg","width":1680,"height":1200},{"@type":"BreadcrumbList","@id":"https:\/\/artecultura.spazioapertoservizi.org\/scuolacivicasdm\/musica\/oboe\/#breadcrumb","itemListElement":[{"@type":"ListItem","position":1,"name":"Home","item":"http:\/\/artecultura.spazioapertoservizi.org\/scuolacivicasdm\/"},{"@type":"ListItem","position":2,"name":"Musica","item":"http:\/\/artecultura.spazioapertoservizi.org\/scuolacivicasdm\/musica\/"},{"@type":"ListItem","position":3,"name":"Oboe"}]},{"@type":"WebSite","@id":"http:\/\/artecultura.spazioapertoservizi.org\/scuolacivicasdm\/#website","url":"http:\/\/artecultura.spazioapertoservizi.org\/scuolacivicasdm\/","name":"Scuola Civica San Donato Milanese","description":"","publisher":{"@id":"http:\/\/artecultura.spazioapertoservizi.org\/scuolacivicasdm\/#organization"},"potentialAction":[{"@type":"SearchAction","target":{"@type":"EntryPoint","urlTemplate":"http:\/\/artecultura.spazioapertoservizi.org\/scuolacivicasdm\/?s={search_term_string}"},"query-input":{"@type":"PropertyValueSpecification","valueRequired":true,"valueName":"search_term_string"}}],"inLanguage":"it-IT"},{"@type":"Organization","@id":"http:\/\/artecultura.spazioapertoservizi.org\/scuolacivicasdm\/#organization","name":"Scuola Civica San Donato Milanese","url":"http:\/\/artecultura.spazioapertoservizi.org\/scuolacivicasdm\/","logo":{"@type":"ImageObject","inLanguage":"it-IT","@id":"http:\/\/artecultura.spazioapertoservizi.org\/scuolacivicasdm\/#\/schema\/logo\/image\/","url":"https:\/\/artecultura.spazioapertoservizi.org\/scuolacivicasdm\/wp-content\/uploads\/sites\/2\/2021\/05\/Logo-SC_SDM_O_72dpi.jpg","contentUrl":"https:\/\/artecultura.spazioapertoservizi.org\/scuolacivicasdm\/wp-content\/uploads\/sites\/2\/2021\/05\/Logo-SC_SDM_O_72dpi.jpg","width":297,"height":194,"caption":"Scuola Civica San Donato Milanese"},"image":{"@id":"http:\/\/artecultura.spazioapertoservizi.org\/scuolacivicasdm\/#\/schema\/logo\/image\/"}}]}},"_links":{"self":[{"href":"https:\/\/artecultura.spazioapertoservizi.org\/scuolacivicasdm\/wp-json\/wp\/v2\/pages\/195","targetHints":{"allow":["GET"]}}],"collection":[{"href":"https:\/\/artecultura.spazioapertoservizi.org\/scuolacivicasdm\/wp-json\/wp\/v2\/pages"}],"about":[{"href":"https:\/\/artecultura.spazioapertoservizi.org\/scuolacivicasdm\/wp-json\/wp\/v2\/types\/page"}],"author":[{"embeddable":true,"href":"https:\/\/artecultura.spazioapertoservizi.org\/scuolacivicasdm\/wp-json\/wp\/v2\/users\/1"}],"replies":[{"embeddable":true,"href":"https:\/\/artecultura.spazioapertoservizi.org\/scuolacivicasdm\/wp-json\/wp\/v2\/comments?post=195"}],"version-history":[{"count":4,"href":"https:\/\/artecultura.spazioapertoservizi.org\/scuolacivicasdm\/wp-json\/wp\/v2\/pages\/195\/revisions"}],"predecessor-version":[{"id":361,"href":"https:\/\/artecultura.spazioapertoservizi.org\/scuolacivicasdm\/wp-json\/wp\/v2\/pages\/195\/revisions\/361"}],"up":[{"embeddable":true,"href":"https:\/\/artecultura.spazioapertoservizi.org\/scuolacivicasdm\/wp-json\/wp\/v2\/pages\/22"}],"wp:attachment":[{"href":"https:\/\/artecultura.spazioapertoservizi.org\/scuolacivicasdm\/wp-json\/wp\/v2\/media?parent=195"}],"curies":[{"name":"wp","href":"https:\/\/api.w.org\/{rel}","templated":true}]}}