{"id":183,"date":"2021-06-08T13:48:26","date_gmt":"2021-06-08T11:48:26","guid":{"rendered":"https:\/\/artecultura.spazioapertoservizi.org\/scuolacivicasdm\/?page_id=183"},"modified":"2024-07-29T16:08:57","modified_gmt":"2024-07-29T14:08:57","slug":"chitarra-classica","status":"publish","type":"page","link":"https:\/\/artecultura.spazioapertoservizi.org\/scuolacivicasdm\/musica\/chitarra-classica\/","title":{"rendered":"Chitarra classica"},"content":{"rendered":"<p><div class=\"fusion-fullwidth fullwidth-box fusion-builder-row-1 fusion-flex-container nonhundred-percent-fullwidth non-hundred-percent-height-scrolling\" style=\"--awb-border-radius-top-left:0px;--awb-border-radius-top-right:0px;--awb-border-radius-bottom-right:0px;--awb-border-radius-bottom-left:0px;--awb-flex-wrap:wrap;\" ><div class=\"fusion-builder-row fusion-row fusion-flex-align-items-center fusion-flex-content-wrap\" style=\"max-width:1331.2px;margin-left: calc(-4% \/ 2 );margin-right: calc(-4% \/ 2 );\"><div class=\"fusion-layout-column fusion_builder_column fusion-builder-column-0 fusion_builder_column_1_2 1_2 fusion-flex-column\" style=\"--awb-bg-size:cover;--awb-width-large:50%;--awb-margin-top-large:0px;--awb-spacing-right-large:3.84%;--awb-margin-bottom-large:0px;--awb-spacing-left-large:3.84%;--awb-width-medium:50%;--awb-spacing-right-medium:3.84%;--awb-spacing-left-medium:3.84%;--awb-width-small:100%;--awb-spacing-right-small:1.92%;--awb-spacing-left-small:1.92%;\"><div class=\"fusion-column-wrapper fusion-flex-justify-content-flex-start fusion-content-layout-column\"><div class=\"fusion-image-element \" style=\"--awb-aspect-ratio:1 \/ 1;--awb-caption-title-font-family:var(--h2_typography-font-family);--awb-caption-title-font-weight:var(--h2_typography-font-weight);--awb-caption-title-font-style:var(--h2_typography-font-style);--awb-caption-title-size:var(--h2_typography-font-size);--awb-caption-title-transform:var(--h2_typography-text-transform);--awb-caption-title-line-height:var(--h2_typography-line-height);--awb-caption-title-letter-spacing:var(--h2_typography-letter-spacing);\"><span class=\" fusion-imageframe imageframe-none imageframe-1 hover-type-none has-aspect-ratio\"><img decoding=\"async\" width=\"800\" height=\"450\" title=\"chitarra classica 2\" src=\"https:\/\/artecultura.spazioapertoservizi.org\/scuolacivicasdm\/wp-content\/uploads\/sites\/2\/2024\/07\/chitarra-classica-2.jpg\" class=\"img-responsive wp-image-1056 img-with-aspect-ratio\" data-parent-fit=\"cover\" data-parent-container=\".fusion-image-element\" alt srcset=\"https:\/\/artecultura.spazioapertoservizi.org\/scuolacivicasdm\/wp-content\/uploads\/sites\/2\/2024\/07\/chitarra-classica-2-200x113.jpg 200w, https:\/\/artecultura.spazioapertoservizi.org\/scuolacivicasdm\/wp-content\/uploads\/sites\/2\/2024\/07\/chitarra-classica-2-400x225.jpg 400w, https:\/\/artecultura.spazioapertoservizi.org\/scuolacivicasdm\/wp-content\/uploads\/sites\/2\/2024\/07\/chitarra-classica-2-600x338.jpg 600w, https:\/\/artecultura.spazioapertoservizi.org\/scuolacivicasdm\/wp-content\/uploads\/sites\/2\/2024\/07\/chitarra-classica-2.jpg 800w\" sizes=\"(max-width: 640px) 100vw, 800px\" \/><\/span><\/div><\/div><\/div><div class=\"fusion-layout-column fusion_builder_column fusion-builder-column-1 fusion_builder_column_1_2 1_2 fusion-flex-column\" style=\"--awb-bg-size:cover;--awb-width-large:50%;--awb-margin-top-large:0px;--awb-spacing-right-large:3.84%;--awb-margin-bottom-large:20px;--awb-spacing-left-large:3.84%;--awb-width-medium:50%;--awb-order-medium:0;--awb-spacing-right-medium:3.84%;--awb-spacing-left-medium:3.84%;--awb-width-small:100%;--awb-order-small:0;--awb-spacing-right-small:1.92%;--awb-spacing-left-small:1.92%;\"><div class=\"fusion-column-wrapper fusion-column-has-shadow fusion-flex-justify-content-flex-start fusion-content-layout-column\"><div class=\"fusion-text fusion-text-1\"><p>Il corso di chitarra classica \u00e8 rivolto ad alunni di ogni et\u00e0 e livello, a partire dalle basi. Dopo aver acquisito, fin dalle prime lezioni, le necessarie conoscenze teoriche (notazione musicale) e tecniche (scale, arpeggi, accordi), l\u2019allievo sar\u00e0 in grado di leggere ed eseguire in autonomia musiche di qualsiasi genere e repertorio.<\/p>\n<p>Le lezioni si basano su un approccio totalmente personalizzato, che tiene conto delle esigenze specifiche, del livello iniziale e degli obiettivi da raggiungere. Attraverso l\u2019esperienza ed un metodo ben collaudato, che permette fin da subito di imparare a suonare, perfezionare e implementare le conoscenze gi\u00e0 acquisite, l\u2019alunno potr\u00e0 eseguire e interpretare ogni brano musicale di suo interesse.<\/p>\n<\/div><\/div><\/div><\/div><\/div><div class=\"fusion-fullwidth fullwidth-box fusion-builder-row-2 fusion-flex-container nonhundred-percent-fullwidth non-hundred-percent-height-scrolling\" style=\"--awb-border-radius-top-left:0px;--awb-border-radius-top-right:0px;--awb-border-radius-bottom-right:0px;--awb-border-radius-bottom-left:0px;--awb-flex-wrap:wrap;\" ><div class=\"fusion-builder-row fusion-row fusion-flex-align-items-flex-start fusion-flex-content-wrap\" style=\"max-width:1331.2px;margin-left: calc(-4% \/ 2 );margin-right: calc(-4% \/ 2 );\"><div class=\"fusion-layout-column fusion_builder_column fusion-builder-column-2 fusion_builder_column_1_1 1_1 fusion-flex-column\" style=\"--awb-bg-size:cover;--awb-width-large:100%;--awb-margin-top-large:0px;--awb-spacing-right-large:1.92%;--awb-margin-bottom-large:20px;--awb-spacing-left-large:1.92%;--awb-width-medium:100%;--awb-order-medium:0;--awb-spacing-right-medium:1.92%;--awb-spacing-left-medium:1.92%;--awb-width-small:100%;--awb-order-small:0;--awb-spacing-right-small:1.92%;--awb-spacing-left-small:1.92%;\"><div class=\"fusion-column-wrapper fusion-column-has-shadow fusion-flex-justify-content-flex-start fusion-content-layout-column\"><div class=\"fusion-title title fusion-title-1 fusion-sep-none fusion-title-text fusion-title-size-two\"><h2 class=\"fusion-title-heading title-heading-left\" style=\"margin:0;\">Docenti<\/h2><\/div><div class=\"accordian fusion-accordian\" style=\"--awb-border-size:1px;--awb-icon-size:16px;--awb-content-font-size:14px;--awb-icon-alignment:left;--awb-hover-color:#f9f9fb;--awb-border-color:#e2e2e2;--awb-background-color:#ffffff;--awb-divider-color:#e2e2e2;--awb-divider-hover-color:#e2e2e2;--awb-icon-color:#ffffff;--awb-title-color:#0c77b8;--awb-content-color:#4a4e57;--awb-icon-box-color:#162b46;--awb-toggle-hover-accent-color:#0c77b8;--awb-title-font-family:&quot;Open Sans&quot;;--awb-title-font-weight:400;--awb-title-font-style:normal;--awb-title-font-size:18px;--awb-content-font-family:&quot;Open Sans&quot;;--awb-content-font-style:normal;--awb-content-font-weight:400;\"><div class=\"panel-group fusion-toggle-icon-boxed\" id=\"accordion-183-1\"><div class=\"fusion-panel panel-default panel-c004e7d8f98fe2f48 fusion-toggle-has-divider\" style=\"--awb-title-color:#0c77b8;--awb-content-color:#4a4e57;\"><div class=\"panel-heading\"><h4 class=\"panel-title toggle\" id=\"toggle_c004e7d8f98fe2f48\"><a aria-expanded=\"false\" aria-controls=\"c004e7d8f98fe2f48\" role=\"button\" data-toggle=\"collapse\" data-parent=\"#accordion-183-1\" data-target=\"#c004e7d8f98fe2f48\" href=\"#c004e7d8f98fe2f48\"><span class=\"fusion-toggle-icon-wrapper\" aria-hidden=\"true\"><i class=\"fa-fusion-box active-icon awb-icon-minus\" aria-hidden=\"true\"><\/i><i class=\"fa-fusion-box inactive-icon awb-icon-plus\" aria-hidden=\"true\"><\/i><\/span><span class=\"fusion-toggle-heading\">Massimo Encidi<\/span><\/a><\/h4><\/div><div id=\"c004e7d8f98fe2f48\" class=\"panel-collapse collapse \" aria-labelledby=\"toggle_c004e7d8f98fe2f48\"><div class=\"panel-body toggle-content fusion-clearfix\">\n<p>Compie i suoi studi chitarristici con Claudio Brambilla e Claudio R. Conti, sotto la cui guida si diploma. Si perfeziona con Claudio R. Conti e Stefano Grondona. Parallelamente studia composizione con Umberto Rotondi e Adriano Guarnieri.<img decoding=\"async\" class=\"alignright wp-image-1054 size-medium\" src=\"https:\/\/artecultura.spazioapertoservizi.org\/scuolacivicasdm\/wp-content\/uploads\/sites\/2\/2024\/07\/DSC_0029-199x300.jpg\" alt=\"\" width=\"199\" height=\"300\" srcset=\"https:\/\/artecultura.spazioapertoservizi.org\/scuolacivicasdm\/wp-content\/uploads\/sites\/2\/2024\/07\/DSC_0029-199x300.jpg 199w, https:\/\/artecultura.spazioapertoservizi.org\/scuolacivicasdm\/wp-content\/uploads\/sites\/2\/2024\/07\/DSC_0029-200x301.jpg 200w, https:\/\/artecultura.spazioapertoservizi.org\/scuolacivicasdm\/wp-content\/uploads\/sites\/2\/2024\/07\/DSC_0029-400x602.jpg 400w, https:\/\/artecultura.spazioapertoservizi.org\/scuolacivicasdm\/wp-content\/uploads\/sites\/2\/2024\/07\/DSC_0029.jpg 500w\" sizes=\"(max-width: 199px) 100vw, 199px\" \/> Ha svolto attivit\u00e0 concertistica nell\u2019ambito della musica contemporanea (Ensemble Milano Musica Moderna diretta dal M\u00b0. Loris Lenti ), come solista con l\u2019orchestra (&#8220;Ascesa e caduta della citt\u00e0 di Mahagonny&#8221; di Brecht-Weill con l&#8217;Orchestra del conservatorio &#8220;G. Verdi&#8221; di Milano, direttore M\u00b0 Daniele Callegari; &#8220;Les deux Aveugles&#8221; di J. Offenbach, prima italiana, a Lissone).Nel 1993 fonda l&#8217;orchestra di chitarre &#8220;Le chitarre del Liceo&#8221; con le quale si esibisce, in qualit\u00e0 di direttore e solista, numerose volte in Italia e all&#8217;estero.Fonda il quartetto di chitarre G4guitarquartet col quale si \u00e8 esibito pi\u00f9 volte riscuotendo unanimi consensi.Ha svolto la sua attivit\u00e0 concertistica in ambito cameristico fondando nel 2011, con la flautista Wendy Allen e il violinista Piercarlo Sacco, il Trio Artemisia e come componente dell\u2019 orchestra di chitarre Corde d\u2019Autunno. Interessato a favorire tra i giovani la conoscenza della musica contemporanea, crea in seno alla Fondazione Luigi Piseri l&#8217;Ensemble Contemporaneo Piseri, formato da allievi dei corsi avanzati, che dirige da diversi anni e col quale si \u00e8 esibito in sedi prestigiose tra cui il Conservatorio &#8220;Nicolini&#8221; di Piacenza.La sua carriera di insegnante ormai pi\u00f9 che quarantennale lo ha portato a diplomare e licenziare numerosi allievi, alcuni dei quali sono anche risultati vincitori di importanti concorsi nazionali e a pubblicare alcuni libri di didattica sia per la chitarra che per lo studio della teoria e del solfeggio.<\/p>\n<\/div><\/div><\/div><div class=\"fusion-panel panel-default panel-ba89311d6a76c0435 fusion-toggle-has-divider\" style=\"--awb-title-color:#0c77b8;--awb-content-color:#4a4e57;\"><div class=\"panel-heading\"><h4 class=\"panel-title toggle\" id=\"toggle_ba89311d6a76c0435\"><a aria-expanded=\"false\" aria-controls=\"ba89311d6a76c0435\" role=\"button\" data-toggle=\"collapse\" data-parent=\"#accordion-183-1\" data-target=\"#ba89311d6a76c0435\" href=\"#ba89311d6a76c0435\"><span class=\"fusion-toggle-icon-wrapper\" aria-hidden=\"true\"><i class=\"fa-fusion-box active-icon awb-icon-minus\" aria-hidden=\"true\"><\/i><i class=\"fa-fusion-box inactive-icon awb-icon-plus\" aria-hidden=\"true\"><\/i><\/span><span class=\"fusion-toggle-heading\">Sergio Prada<\/span><\/a><\/h4><\/div><div id=\"ba89311d6a76c0435\" class=\"panel-collapse collapse \" aria-labelledby=\"toggle_ba89311d6a76c0435\"><div class=\"panel-body toggle-content fusion-clearfix\">\n<p><img decoding=\"async\" class=\"alignright wp-image-1055 \" src=\"https:\/\/artecultura.spazioapertoservizi.org\/scuolacivicasdm\/wp-content\/uploads\/sites\/2\/2024\/07\/IMG-20240323-WA0028-1-200x300.jpg\" alt=\"\" width=\"283\" height=\"425\" srcset=\"https:\/\/artecultura.spazioapertoservizi.org\/scuolacivicasdm\/wp-content\/uploads\/sites\/2\/2024\/07\/IMG-20240323-WA0028-1-200x300.jpg 200w, https:\/\/artecultura.spazioapertoservizi.org\/scuolacivicasdm\/wp-content\/uploads\/sites\/2\/2024\/07\/IMG-20240323-WA0028-1-400x600.jpg 400w, https:\/\/artecultura.spazioapertoservizi.org\/scuolacivicasdm\/wp-content\/uploads\/sites\/2\/2024\/07\/IMG-20240323-WA0028-1-600x900.jpg 600w, https:\/\/artecultura.spazioapertoservizi.org\/scuolacivicasdm\/wp-content\/uploads\/sites\/2\/2024\/07\/IMG-20240323-WA0028-1-683x1024.jpg 683w, https:\/\/artecultura.spazioapertoservizi.org\/scuolacivicasdm\/wp-content\/uploads\/sites\/2\/2024\/07\/IMG-20240323-WA0028-1-768x1152.jpg 768w, https:\/\/artecultura.spazioapertoservizi.org\/scuolacivicasdm\/wp-content\/uploads\/sites\/2\/2024\/07\/IMG-20240323-WA0028-1-800x1200.jpg 800w, https:\/\/artecultura.spazioapertoservizi.org\/scuolacivicasdm\/wp-content\/uploads\/sites\/2\/2024\/07\/IMG-20240323-WA0028-1-1024x1536.jpg 1024w, https:\/\/artecultura.spazioapertoservizi.org\/scuolacivicasdm\/wp-content\/uploads\/sites\/2\/2024\/07\/IMG-20240323-WA0028-1.jpg 1066w\" sizes=\"(max-width: 283px) 100vw, 283px\" \/>Nasce a Codogno (Lodi) il 26 ottobre 1971, studia chitarra classica con il M\u00b0 Marco Stani e si diploma presso il conservatorio G.Verdi di Milano nel 2003, si avvicina al jazz studiando con Simone Manunza e Dario Faiella e successivamente alla musica improvvisata e di ricerca frequentando i laboratori tenuti a Lodi da Alberto Braida e Giancarlo Locatelli. Svolge professionalmente dal 2002 l\u2019attivit\u00e0 di insegnante di chitarra classica presso l\u2019Accademia di musica e danza Franchino Gaffurio di Lodi, la Nuova Scuola di musica Claudio Monteverdi di Crema, dove gestisce anche gruppi di musica da camera e il Civico Istituto Musicale (CIM) Sammartini di S.Donato milanese; E\u2019 membro del quartetto chitarristico<strong> EXSACORDE<\/strong> col quale ha tenuto numerosi concerti affrontando un repertorio di musica classica contemporanea e antica sia originale che trascritta, ha collaborato per un decennio con l\u2019orchestra <strong>SPIO<\/strong> (Soundpainting Italian Orchestra) in qualit\u00e0 di conduttore e chitarrista. Conduce occasionalmente laboratori per musicisti professionisti e non, utilizzando il metodo di conduzione e composizione istantanea denominato <strong>SOUNDPAINTING<\/strong>, ideato a partire dagli anni \u201980 dal musicista americano Walter Thompson (<a href=\"http:\/\/www.soundpainting.com\/\">www.soundpainting.com<\/a>) e basato su un protocollo di gesti attraverso i quali \u00e8 possibile condurre ensemble di qualsiasi genere e disciplina.<\/p>\n<p>Si \u00e8 formato presso il Centro di MusicoTerapia Orchestrale ESAGRAMMA di Milano e ha collaborato con l\u2019associazione<strong> LA NOTA IN PIU\u2019 <\/strong>di Bergamo come operatore qualificato.<\/p>\n<p>Ha partecipato ad alcuni festival con vari ensemble e ha preso parte ad alcuni spettacoli teatrali come musicista.<\/p>\n<\/div><\/div><\/div><\/div><\/div><\/div><\/div><\/div><\/div><\/p>\n","protected":false},"excerpt":{"rendered":"","protected":false},"author":1,"featured_media":0,"parent":22,"menu_order":0,"comment_status":"closed","ping_status":"closed","template":"","meta":{"footnotes":""},"class_list":["post-183","page","type-page","status-publish","hentry"],"yoast_head":"<!-- This site is optimized with the Yoast SEO plugin v26.4 - https:\/\/yoast.com\/wordpress\/plugins\/seo\/ -->\n<title>Chitarra classica - Scuola Civica San Donato Milanese<\/title>\n<meta name=\"robots\" content=\"index, follow, max-snippet:-1, max-image-preview:large, max-video-preview:-1\" \/>\n<link rel=\"canonical\" href=\"http:\/\/artecultura.spazioapertoservizi.org\/scuolacivicasdm\/musica\/chitarra-classica\/\" \/>\n<meta property=\"og:locale\" content=\"it_IT\" \/>\n<meta property=\"og:type\" content=\"article\" \/>\n<meta property=\"og:title\" content=\"Chitarra classica - Scuola Civica San Donato Milanese\" \/>\n<meta property=\"og:url\" content=\"http:\/\/artecultura.spazioapertoservizi.org\/scuolacivicasdm\/musica\/chitarra-classica\/\" \/>\n<meta property=\"og:site_name\" content=\"Scuola Civica San Donato Milanese\" \/>\n<meta property=\"article:modified_time\" content=\"2024-07-29T14:08:57+00:00\" \/>\n<meta property=\"og:image\" content=\"https:\/\/artecultura.spazioapertoservizi.org\/scuolacivicasdm\/wp-content\/uploads\/sites\/2\/2024\/07\/DSC_0029-199x300.jpg\" \/>\n<meta name=\"twitter:card\" content=\"summary_large_image\" \/>\n<meta name=\"twitter:label1\" content=\"Tempo di lettura stimato\" \/>\n\t<meta name=\"twitter:data1\" content=\"6 minuti\" \/>\n<script type=\"application\/ld+json\" class=\"yoast-schema-graph\">{\"@context\":\"https:\/\/schema.org\",\"@graph\":[{\"@type\":\"WebPage\",\"@id\":\"http:\/\/artecultura.spazioapertoservizi.org\/scuolacivicasdm\/musica\/chitarra-classica\/\",\"url\":\"http:\/\/artecultura.spazioapertoservizi.org\/scuolacivicasdm\/musica\/chitarra-classica\/\",\"name\":\"Chitarra classica - Scuola Civica San Donato Milanese\",\"isPartOf\":{\"@id\":\"http:\/\/artecultura.spazioapertoservizi.org\/scuolacivicasdm\/#website\"},\"primaryImageOfPage\":{\"@id\":\"http:\/\/artecultura.spazioapertoservizi.org\/scuolacivicasdm\/musica\/chitarra-classica\/#primaryimage\"},\"image\":{\"@id\":\"http:\/\/artecultura.spazioapertoservizi.org\/scuolacivicasdm\/musica\/chitarra-classica\/#primaryimage\"},\"thumbnailUrl\":\"https:\/\/artecultura.spazioapertoservizi.org\/scuolacivicasdm\/wp-content\/uploads\/sites\/2\/2024\/07\/DSC_0029-199x300.jpg\",\"datePublished\":\"2021-06-08T11:48:26+00:00\",\"dateModified\":\"2024-07-29T14:08:57+00:00\",\"breadcrumb\":{\"@id\":\"http:\/\/artecultura.spazioapertoservizi.org\/scuolacivicasdm\/musica\/chitarra-classica\/#breadcrumb\"},\"inLanguage\":\"it-IT\",\"potentialAction\":[{\"@type\":\"ReadAction\",\"target\":[\"http:\/\/artecultura.spazioapertoservizi.org\/scuolacivicasdm\/musica\/chitarra-classica\/\"]}]},{\"@type\":\"ImageObject\",\"inLanguage\":\"it-IT\",\"@id\":\"http:\/\/artecultura.spazioapertoservizi.org\/scuolacivicasdm\/musica\/chitarra-classica\/#primaryimage\",\"url\":\"https:\/\/artecultura.spazioapertoservizi.org\/scuolacivicasdm\/wp-content\/uploads\/sites\/2\/2024\/07\/DSC_0029.jpg\",\"contentUrl\":\"https:\/\/artecultura.spazioapertoservizi.org\/scuolacivicasdm\/wp-content\/uploads\/sites\/2\/2024\/07\/DSC_0029.jpg\",\"width\":500,\"height\":753},{\"@type\":\"BreadcrumbList\",\"@id\":\"http:\/\/artecultura.spazioapertoservizi.org\/scuolacivicasdm\/musica\/chitarra-classica\/#breadcrumb\",\"itemListElement\":[{\"@type\":\"ListItem\",\"position\":1,\"name\":\"Home\",\"item\":\"http:\/\/artecultura.spazioapertoservizi.org\/scuolacivicasdm\/\"},{\"@type\":\"ListItem\",\"position\":2,\"name\":\"Musica\",\"item\":\"http:\/\/artecultura.spazioapertoservizi.org\/scuolacivicasdm\/musica\/\"},{\"@type\":\"ListItem\",\"position\":3,\"name\":\"Chitarra classica\"}]},{\"@type\":\"WebSite\",\"@id\":\"http:\/\/artecultura.spazioapertoservizi.org\/scuolacivicasdm\/#website\",\"url\":\"http:\/\/artecultura.spazioapertoservizi.org\/scuolacivicasdm\/\",\"name\":\"Scuola Civica San Donato Milanese\",\"description\":\"\",\"publisher\":{\"@id\":\"http:\/\/artecultura.spazioapertoservizi.org\/scuolacivicasdm\/#organization\"},\"potentialAction\":[{\"@type\":\"SearchAction\",\"target\":{\"@type\":\"EntryPoint\",\"urlTemplate\":\"http:\/\/artecultura.spazioapertoservizi.org\/scuolacivicasdm\/?s={search_term_string}\"},\"query-input\":{\"@type\":\"PropertyValueSpecification\",\"valueRequired\":true,\"valueName\":\"search_term_string\"}}],\"inLanguage\":\"it-IT\"},{\"@type\":\"Organization\",\"@id\":\"http:\/\/artecultura.spazioapertoservizi.org\/scuolacivicasdm\/#organization\",\"name\":\"Scuola Civica San Donato Milanese\",\"url\":\"http:\/\/artecultura.spazioapertoservizi.org\/scuolacivicasdm\/\",\"logo\":{\"@type\":\"ImageObject\",\"inLanguage\":\"it-IT\",\"@id\":\"http:\/\/artecultura.spazioapertoservizi.org\/scuolacivicasdm\/#\/schema\/logo\/image\/\",\"url\":\"https:\/\/artecultura.spazioapertoservizi.org\/scuolacivicasdm\/wp-content\/uploads\/sites\/2\/2021\/05\/Logo-SC_SDM_O_72dpi.jpg\",\"contentUrl\":\"https:\/\/artecultura.spazioapertoservizi.org\/scuolacivicasdm\/wp-content\/uploads\/sites\/2\/2021\/05\/Logo-SC_SDM_O_72dpi.jpg\",\"width\":297,\"height\":194,\"caption\":\"Scuola Civica San Donato Milanese\"},\"image\":{\"@id\":\"http:\/\/artecultura.spazioapertoservizi.org\/scuolacivicasdm\/#\/schema\/logo\/image\/\"}}]}<\/script>\n<!-- \/ Yoast SEO plugin. -->","yoast_head_json":{"title":"Chitarra classica - Scuola Civica San Donato Milanese","robots":{"index":"index","follow":"follow","max-snippet":"max-snippet:-1","max-image-preview":"max-image-preview:large","max-video-preview":"max-video-preview:-1"},"canonical":"http:\/\/artecultura.spazioapertoservizi.org\/scuolacivicasdm\/musica\/chitarra-classica\/","og_locale":"it_IT","og_type":"article","og_title":"Chitarra classica - Scuola Civica San Donato Milanese","og_url":"http:\/\/artecultura.spazioapertoservizi.org\/scuolacivicasdm\/musica\/chitarra-classica\/","og_site_name":"Scuola Civica San Donato Milanese","article_modified_time":"2024-07-29T14:08:57+00:00","og_image":[{"url":"https:\/\/artecultura.spazioapertoservizi.org\/scuolacivicasdm\/wp-content\/uploads\/sites\/2\/2024\/07\/DSC_0029-199x300.jpg","type":"","width":"","height":""}],"twitter_card":"summary_large_image","twitter_misc":{"Tempo di lettura stimato":"6 minuti"},"schema":{"@context":"https:\/\/schema.org","@graph":[{"@type":"WebPage","@id":"http:\/\/artecultura.spazioapertoservizi.org\/scuolacivicasdm\/musica\/chitarra-classica\/","url":"http:\/\/artecultura.spazioapertoservizi.org\/scuolacivicasdm\/musica\/chitarra-classica\/","name":"Chitarra classica - Scuola Civica San Donato Milanese","isPartOf":{"@id":"http:\/\/artecultura.spazioapertoservizi.org\/scuolacivicasdm\/#website"},"primaryImageOfPage":{"@id":"http:\/\/artecultura.spazioapertoservizi.org\/scuolacivicasdm\/musica\/chitarra-classica\/#primaryimage"},"image":{"@id":"http:\/\/artecultura.spazioapertoservizi.org\/scuolacivicasdm\/musica\/chitarra-classica\/#primaryimage"},"thumbnailUrl":"https:\/\/artecultura.spazioapertoservizi.org\/scuolacivicasdm\/wp-content\/uploads\/sites\/2\/2024\/07\/DSC_0029-199x300.jpg","datePublished":"2021-06-08T11:48:26+00:00","dateModified":"2024-07-29T14:08:57+00:00","breadcrumb":{"@id":"http:\/\/artecultura.spazioapertoservizi.org\/scuolacivicasdm\/musica\/chitarra-classica\/#breadcrumb"},"inLanguage":"it-IT","potentialAction":[{"@type":"ReadAction","target":["http:\/\/artecultura.spazioapertoservizi.org\/scuolacivicasdm\/musica\/chitarra-classica\/"]}]},{"@type":"ImageObject","inLanguage":"it-IT","@id":"http:\/\/artecultura.spazioapertoservizi.org\/scuolacivicasdm\/musica\/chitarra-classica\/#primaryimage","url":"https:\/\/artecultura.spazioapertoservizi.org\/scuolacivicasdm\/wp-content\/uploads\/sites\/2\/2024\/07\/DSC_0029.jpg","contentUrl":"https:\/\/artecultura.spazioapertoservizi.org\/scuolacivicasdm\/wp-content\/uploads\/sites\/2\/2024\/07\/DSC_0029.jpg","width":500,"height":753},{"@type":"BreadcrumbList","@id":"http:\/\/artecultura.spazioapertoservizi.org\/scuolacivicasdm\/musica\/chitarra-classica\/#breadcrumb","itemListElement":[{"@type":"ListItem","position":1,"name":"Home","item":"http:\/\/artecultura.spazioapertoservizi.org\/scuolacivicasdm\/"},{"@type":"ListItem","position":2,"name":"Musica","item":"http:\/\/artecultura.spazioapertoservizi.org\/scuolacivicasdm\/musica\/"},{"@type":"ListItem","position":3,"name":"Chitarra classica"}]},{"@type":"WebSite","@id":"http:\/\/artecultura.spazioapertoservizi.org\/scuolacivicasdm\/#website","url":"http:\/\/artecultura.spazioapertoservizi.org\/scuolacivicasdm\/","name":"Scuola Civica San Donato Milanese","description":"","publisher":{"@id":"http:\/\/artecultura.spazioapertoservizi.org\/scuolacivicasdm\/#organization"},"potentialAction":[{"@type":"SearchAction","target":{"@type":"EntryPoint","urlTemplate":"http:\/\/artecultura.spazioapertoservizi.org\/scuolacivicasdm\/?s={search_term_string}"},"query-input":{"@type":"PropertyValueSpecification","valueRequired":true,"valueName":"search_term_string"}}],"inLanguage":"it-IT"},{"@type":"Organization","@id":"http:\/\/artecultura.spazioapertoservizi.org\/scuolacivicasdm\/#organization","name":"Scuola Civica San Donato Milanese","url":"http:\/\/artecultura.spazioapertoservizi.org\/scuolacivicasdm\/","logo":{"@type":"ImageObject","inLanguage":"it-IT","@id":"http:\/\/artecultura.spazioapertoservizi.org\/scuolacivicasdm\/#\/schema\/logo\/image\/","url":"https:\/\/artecultura.spazioapertoservizi.org\/scuolacivicasdm\/wp-content\/uploads\/sites\/2\/2021\/05\/Logo-SC_SDM_O_72dpi.jpg","contentUrl":"https:\/\/artecultura.spazioapertoservizi.org\/scuolacivicasdm\/wp-content\/uploads\/sites\/2\/2021\/05\/Logo-SC_SDM_O_72dpi.jpg","width":297,"height":194,"caption":"Scuola Civica San Donato Milanese"},"image":{"@id":"http:\/\/artecultura.spazioapertoservizi.org\/scuolacivicasdm\/#\/schema\/logo\/image\/"}}]}},"_links":{"self":[{"href":"https:\/\/artecultura.spazioapertoservizi.org\/scuolacivicasdm\/wp-json\/wp\/v2\/pages\/183","targetHints":{"allow":["GET"]}}],"collection":[{"href":"https:\/\/artecultura.spazioapertoservizi.org\/scuolacivicasdm\/wp-json\/wp\/v2\/pages"}],"about":[{"href":"https:\/\/artecultura.spazioapertoservizi.org\/scuolacivicasdm\/wp-json\/wp\/v2\/types\/page"}],"author":[{"embeddable":true,"href":"https:\/\/artecultura.spazioapertoservizi.org\/scuolacivicasdm\/wp-json\/wp\/v2\/users\/1"}],"replies":[{"embeddable":true,"href":"https:\/\/artecultura.spazioapertoservizi.org\/scuolacivicasdm\/wp-json\/wp\/v2\/comments?post=183"}],"version-history":[{"count":15,"href":"https:\/\/artecultura.spazioapertoservizi.org\/scuolacivicasdm\/wp-json\/wp\/v2\/pages\/183\/revisions"}],"predecessor-version":[{"id":330,"href":"https:\/\/artecultura.spazioapertoservizi.org\/scuolacivicasdm\/wp-json\/wp\/v2\/pages\/183\/revisions\/330"}],"up":[{"embeddable":true,"href":"https:\/\/artecultura.spazioapertoservizi.org\/scuolacivicasdm\/wp-json\/wp\/v2\/pages\/22"}],"wp:attachment":[{"href":"https:\/\/artecultura.spazioapertoservizi.org\/scuolacivicasdm\/wp-json\/wp\/v2\/media?parent=183"}],"curies":[{"name":"wp","href":"https:\/\/api.w.org\/{rel}","templated":true}]}}