{"id":1070,"date":"2024-07-29T17:01:42","date_gmt":"2024-07-29T15:01:42","guid":{"rendered":"https:\/\/artecultura.spazioapertoservizi.org\/scuolacivicasdm\/?page_id=1070"},"modified":"2024-07-29T17:01:42","modified_gmt":"2024-07-29T15:01:42","slug":"composizione-musicale","status":"publish","type":"page","link":"https:\/\/artecultura.spazioapertoservizi.org\/scuolacivicasdm\/composizione-musicale\/","title":{"rendered":"Composizione Musicale"},"content":{"rendered":"<p><div class=\"fusion-fullwidth fullwidth-box fusion-builder-row-1 fusion-flex-container nonhundred-percent-fullwidth non-hundred-percent-height-scrolling\" style=\"--awb-border-radius-top-left:0px;--awb-border-radius-top-right:0px;--awb-border-radius-bottom-right:0px;--awb-border-radius-bottom-left:0px;--awb-flex-wrap:wrap;\" ><div class=\"fusion-builder-row fusion-row fusion-flex-align-items-center fusion-flex-content-wrap\" style=\"max-width:1331.2px;margin-left: calc(-4% \/ 2 );margin-right: calc(-4% \/ 2 );\"><div class=\"fusion-layout-column fusion_builder_column fusion-builder-column-0 fusion_builder_column_1_2 1_2 fusion-flex-column\" style=\"--awb-bg-size:cover;--awb-width-large:50%;--awb-margin-top-large:0px;--awb-spacing-right-large:3.84%;--awb-margin-bottom-large:20px;--awb-spacing-left-large:3.84%;--awb-width-medium:50%;--awb-order-medium:0;--awb-spacing-right-medium:3.84%;--awb-spacing-left-medium:3.84%;--awb-width-small:100%;--awb-order-small:0;--awb-spacing-right-small:1.92%;--awb-spacing-left-small:1.92%;\"><div class=\"fusion-column-wrapper fusion-column-has-shadow fusion-flex-justify-content-flex-start fusion-content-layout-column\"><div class=\"fusion-image-element \" style=\"--awb-caption-title-font-family:var(--h2_typography-font-family);--awb-caption-title-font-weight:var(--h2_typography-font-weight);--awb-caption-title-font-style:var(--h2_typography-font-style);--awb-caption-title-size:var(--h2_typography-font-size);--awb-caption-title-transform:var(--h2_typography-text-transform);--awb-caption-title-line-height:var(--h2_typography-line-height);--awb-caption-title-letter-spacing:var(--h2_typography-letter-spacing);\"><span class=\" fusion-imageframe imageframe-none imageframe-1 hover-type-none\"><img decoding=\"async\" width=\"300\" height=\"225\" title=\"composizione\" src=\"https:\/\/artecultura.spazioapertoservizi.org\/scuolacivicasdm\/wp-content\/uploads\/sites\/2\/2024\/07\/composizione-300x225.jpg\" alt class=\"img-responsive wp-image-1071\" srcset=\"https:\/\/artecultura.spazioapertoservizi.org\/scuolacivicasdm\/wp-content\/uploads\/sites\/2\/2024\/07\/composizione-200x150.jpg 200w, https:\/\/artecultura.spazioapertoservizi.org\/scuolacivicasdm\/wp-content\/uploads\/sites\/2\/2024\/07\/composizione-400x300.jpg 400w, https:\/\/artecultura.spazioapertoservizi.org\/scuolacivicasdm\/wp-content\/uploads\/sites\/2\/2024\/07\/composizione-600x450.jpg 600w, https:\/\/artecultura.spazioapertoservizi.org\/scuolacivicasdm\/wp-content\/uploads\/sites\/2\/2024\/07\/composizione-800x600.jpg 800w, https:\/\/artecultura.spazioapertoservizi.org\/scuolacivicasdm\/wp-content\/uploads\/sites\/2\/2024\/07\/composizione-1200x900.jpg 1200w, https:\/\/artecultura.spazioapertoservizi.org\/scuolacivicasdm\/wp-content\/uploads\/sites\/2\/2024\/07\/composizione.jpg 1500w\" sizes=\"(max-width: 640px) 100vw, 800px\" \/><\/span><\/div><\/div><\/div><div class=\"fusion-layout-column fusion_builder_column fusion-builder-column-1 fusion_builder_column_1_2 1_2 fusion-flex-column\" style=\"--awb-bg-size:cover;--awb-width-large:50%;--awb-margin-top-large:0px;--awb-spacing-right-large:3.84%;--awb-margin-bottom-large:20px;--awb-spacing-left-large:3.84%;--awb-width-medium:50%;--awb-order-medium:0;--awb-spacing-right-medium:3.84%;--awb-spacing-left-medium:3.84%;--awb-width-small:100%;--awb-order-small:0;--awb-spacing-right-small:1.92%;--awb-spacing-left-small:1.92%;\"><div class=\"fusion-column-wrapper fusion-column-has-shadow fusion-flex-justify-content-flex-start fusion-content-layout-column\"><div class=\"fusion-text fusion-text-1\"><p>Il corso, solitamente individuale, insegna le tecniche per la\u00a0<strong>creazione<\/strong>\u00a0e scrittura di brani musicali, prendendo esempio dai lavori pi\u00f9 significativi dei principali compositori della storia della musica occidentale. Il programma comprende lo studio di\u00a0<strong>armonia<\/strong>, contrappunto, strumentazione, forme e\u00a0<strong>linguaggi<\/strong>, anche con il supporto di strumenti informatici. Il percorso pu\u00f2 essere personalizzato, seguendo le esigenze dell\u2019allievo che pu\u00f2 approfondire gli argomenti ai quali \u00e8 pi\u00f9 interessato e sviluppare le proprie composizioni originali.<br \/>\nLezioni individuali o in piccolo gruppo.<\/p>\n<\/div><\/div><\/div><\/div><\/div><div class=\"fusion-fullwidth fullwidth-box fusion-builder-row-2 fusion-flex-container nonhundred-percent-fullwidth non-hundred-percent-height-scrolling\" style=\"--awb-border-radius-top-left:0px;--awb-border-radius-top-right:0px;--awb-border-radius-bottom-right:0px;--awb-border-radius-bottom-left:0px;--awb-flex-wrap:wrap;\" ><div class=\"fusion-builder-row fusion-row fusion-flex-align-items-flex-start fusion-flex-content-wrap\" style=\"max-width:1331.2px;margin-left: calc(-4% \/ 2 );margin-right: calc(-4% \/ 2 );\"><div class=\"fusion-layout-column fusion_builder_column fusion-builder-column-2 fusion_builder_column_1_1 1_1 fusion-flex-column\" style=\"--awb-bg-size:cover;--awb-width-large:100%;--awb-margin-top-large:0px;--awb-spacing-right-large:1.92%;--awb-margin-bottom-large:20px;--awb-spacing-left-large:1.92%;--awb-width-medium:100%;--awb-order-medium:0;--awb-spacing-right-medium:1.92%;--awb-spacing-left-medium:1.92%;--awb-width-small:100%;--awb-order-small:0;--awb-spacing-right-small:1.92%;--awb-spacing-left-small:1.92%;\"><div class=\"fusion-column-wrapper fusion-column-has-shadow fusion-flex-justify-content-flex-start fusion-content-layout-column\"><div class=\"fusion-title title fusion-title-1 fusion-sep-none fusion-title-text fusion-title-size-two\"><h2 class=\"fusion-title-heading title-heading-left\" style=\"margin:0;\">Docenti<\/h2><\/div><div class=\"accordian fusion-accordian\" style=\"--awb-border-size:1px;--awb-icon-size:16px;--awb-content-font-size:14px;--awb-icon-alignment:left;--awb-hover-color:#f9f9fb;--awb-border-color:#e2e2e2;--awb-background-color:#ffffff;--awb-divider-color:#e2e2e2;--awb-divider-hover-color:#e2e2e2;--awb-icon-color:#ffffff;--awb-title-color:#0c77b8;--awb-content-color:#4a4e57;--awb-icon-box-color:#162b46;--awb-toggle-hover-accent-color:#0c77b8;--awb-title-font-family:&quot;Open Sans&quot;;--awb-title-font-weight:400;--awb-title-font-style:normal;--awb-title-font-size:18px;--awb-content-font-family:&quot;Open Sans&quot;;--awb-content-font-style:normal;--awb-content-font-weight:400;\"><div class=\"panel-group fusion-toggle-icon-boxed\" id=\"accordion-1070-1\"><div class=\"fusion-panel panel-default panel-7c6db85d8f2e6eb82 fusion-toggle-has-divider\" style=\"--awb-title-color:#0c77b8;--awb-content-color:#4a4e57;\"><div class=\"panel-heading\"><h4 class=\"panel-title toggle\" id=\"toggle_7c6db85d8f2e6eb82\"><a aria-expanded=\"false\" aria-controls=\"7c6db85d8f2e6eb82\" role=\"button\" data-toggle=\"collapse\" data-parent=\"#accordion-1070-1\" data-target=\"#7c6db85d8f2e6eb82\" href=\"#7c6db85d8f2e6eb82\"><span class=\"fusion-toggle-icon-wrapper\" aria-hidden=\"true\"><i class=\"fa-fusion-box active-icon awb-icon-minus\" aria-hidden=\"true\"><\/i><i class=\"fa-fusion-box inactive-icon awb-icon-plus\" aria-hidden=\"true\"><\/i><\/span><span class=\"fusion-toggle-heading\">Gabriele Bazzi Berneri <\/span><\/a><\/h4><\/div><div id=\"7c6db85d8f2e6eb82\" class=\"panel-collapse collapse \" aria-labelledby=\"toggle_7c6db85d8f2e6eb82\"><div class=\"panel-body toggle-content fusion-clearfix\">\n<p>Docente e\u00a0<strong>compositore<\/strong>, ha come obiettivo la comunicazione e l\u2019espressione attraverso la sua musica e la sua attivit\u00e0 didattica, in particolare per il cinema e il teatro. <img decoding=\"async\" class=\"alignright size-medium wp-image-1067\" src=\"https:\/\/artecultura.spazioapertoservizi.org\/scuolacivicasdm\/wp-content\/uploads\/sites\/2\/2024\/07\/BPM_2553_B-300x200.jpeg\" alt=\"\" width=\"300\" height=\"200\" srcset=\"https:\/\/artecultura.spazioapertoservizi.org\/scuolacivicasdm\/wp-content\/uploads\/sites\/2\/2024\/07\/BPM_2553_B-200x133.jpeg 200w, https:\/\/artecultura.spazioapertoservizi.org\/scuolacivicasdm\/wp-content\/uploads\/sites\/2\/2024\/07\/BPM_2553_B-300x200.jpeg 300w, https:\/\/artecultura.spazioapertoservizi.org\/scuolacivicasdm\/wp-content\/uploads\/sites\/2\/2024\/07\/BPM_2553_B-400x267.jpeg 400w, https:\/\/artecultura.spazioapertoservizi.org\/scuolacivicasdm\/wp-content\/uploads\/sites\/2\/2024\/07\/BPM_2553_B-600x400.jpeg 600w, https:\/\/artecultura.spazioapertoservizi.org\/scuolacivicasdm\/wp-content\/uploads\/sites\/2\/2024\/07\/BPM_2553_B.jpeg 640w\" sizes=\"(max-width: 300px) 100vw, 300px\" \/><span class=\"s1\"> Insegna composizione, armonia,\u00a0<\/span>teoria ritmica e percezione,\u00a0\u00a0e informatica musicale dal 1998, preparando ogni anno gli allievi privatisti anche per gli esami presso i conservatori di stato, con brillanti risultati.\u00a0Ha tenuto conferenze, corsi di aggiornamento per docenti e ha scritto articoli sulla musica per il\u00a0<strong>cinema<\/strong>. Come compositore ha vinto premi per la miglior colonna sonora all\u2019Hollywood International Moving Pictures Film Festival, al Los angeles Independent Film Festival, e all\u2019Hollywood Boulevard Film Festival. Ha vinto inoltre il Los Angeles\u00a0<strong>Music Award<\/strong> per la miglior musica da film e la medaglia d\u2019argento ai Global Music Awards. E\u2019 stato nominato quattro volte per gli Hollywood Music in Media Awards e per l\u2019Hollywood Music Awards. Ha scritto le musiche per i film\u00a0<i>\u201cPrisoners of Time<\/i>\u201d,\u00a0<i>\u201cMing<\/i>\u201d, \u201c<i>The Percy Harris Story\u201d<\/i>,\u00a0<i>\u201cMigration of Beauty\u201d<\/i>,\u00a0<i>\u201cThe Setup\u201d<\/i>,\u00a0<i>\u201cThe Ocean\u2019s Lover\u201d<\/i>,\u00a0<i>\u201cF\u201d<\/i>,\u00a0<i>\u201cSigns of Life\u201d<\/i>, distribuiti in diversi festival internazionali; per il trailer dello spettacolo \u201cDrum Story\u201d, per il videogioco\u00a0<span class=\"s2\"><i>\u201c<\/i><\/span><i>Catcher Passworld<\/i><span class=\"s2\"><i>\u201d<\/i><\/span><i>\u00a0<\/i>di Intesi Group. I suoi brani sono stati scelti per il\u00a0<strong>film<\/strong>\u00a0<i>\u201cThe Signal\u201d\u00a0<\/i>con Lawrence Fishburne (<i>\u201cThe Matrix\u201d<\/i>). Ha scritto le musiche per gli spettacoli teatrali \u201cLa Divina Commedia con Dante\u201d, \u201cDalla Terra alla Luna (e ritorno) con L\u2019Orlando Furioso\u201d \u201cI promessi sposi con Renzo sulle strade dei nostri giorni\u201d per il progetto Letterevive con il quale tuttora collabora, con grande successo di pubblico e critica. I suoi brani sono stati utilizzati anche in programmi TV quali\u00a0<i>\u201cBad Teacher\u201d, \u201cRaising Hope\u201d, \u201cPretty Little Liars\u201d,<\/i>\u00a0<i>\u201cDirty Sexy Money\u201d<\/i>,\u00a0<i>\u201cCaught on Camera\u201d<\/i>,\u00a0<i>\u201cAmerica\u2019s Got Talent\u201d<\/i>,\u00a0<i>\u201cLet\u2019s Make a Deal\u201d<\/i>,\u00a0<i>\u201cUnusally Thicke\u201d<\/i>,\u00a0<i>\u201c7 Days in Hell\u201d<\/i>,\u00a0<i>\u201d16\u00d79\u201d,\u00a0<\/i>in filmati sportivi e pubblicitari. E\u2019 stato\u00a0<strong>arrangiatore<\/strong>\u00a0per la trasmissione\u00a0<i>\u201cStasera niente MTV\u201d<\/i>, con la partecipazione dei principali cantanti italiani di musica leggera e ha composto e arrangiato musiche per spettacoli teatrali tra cui \u201cIn diretta da casa Schumann\u201d con Elio. <i>L<\/i>e sue musiche sono state eseguite dal vivo in diverse sedi tra cui:<i>\u00a0MI-TO Festival, Sala Verdi del Conservatorio di Milano, Auditorium di Milano, Teatro Litta, Teatro Sociale di Como, Teatro Binario 7\u00a0<\/i>di Monza.<\/p>\n<\/div><\/div><\/div><\/div><\/div><\/div><\/div><\/div><\/div><\/p>\n","protected":false},"excerpt":{"rendered":"","protected":false},"author":3,"featured_media":0,"parent":0,"menu_order":0,"comment_status":"closed","ping_status":"closed","template":"","meta":{"footnotes":""},"class_list":["post-1070","page","type-page","status-publish","hentry"],"yoast_head":"<!-- This site is optimized with the Yoast SEO plugin v26.4 - https:\/\/yoast.com\/wordpress\/plugins\/seo\/ -->\n<title>Composizione Musicale - Scuola Civica San Donato Milanese<\/title>\n<meta name=\"robots\" content=\"index, follow, max-snippet:-1, max-image-preview:large, max-video-preview:-1\" \/>\n<link rel=\"canonical\" href=\"https:\/\/artecultura.spazioapertoservizi.org\/scuolacivicasdm\/composizione-musicale\/\" \/>\n<meta property=\"og:locale\" content=\"it_IT\" \/>\n<meta property=\"og:type\" content=\"article\" \/>\n<meta property=\"og:title\" content=\"Composizione Musicale - Scuola Civica San Donato Milanese\" \/>\n<meta property=\"og:url\" content=\"https:\/\/artecultura.spazioapertoservizi.org\/scuolacivicasdm\/composizione-musicale\/\" \/>\n<meta property=\"og:site_name\" content=\"Scuola Civica San Donato Milanese\" \/>\n<meta property=\"og:image\" content=\"https:\/\/artecultura.spazioapertoservizi.org\/scuolacivicasdm\/wp-content\/uploads\/sites\/2\/2024\/07\/BPM_2553_B-300x200.jpeg\" \/>\n<meta name=\"twitter:card\" content=\"summary_large_image\" \/>\n<script type=\"application\/ld+json\" class=\"yoast-schema-graph\">{\"@context\":\"https:\/\/schema.org\",\"@graph\":[{\"@type\":\"WebPage\",\"@id\":\"https:\/\/artecultura.spazioapertoservizi.org\/scuolacivicasdm\/composizione-musicale\/\",\"url\":\"https:\/\/artecultura.spazioapertoservizi.org\/scuolacivicasdm\/composizione-musicale\/\",\"name\":\"Composizione Musicale - Scuola Civica San Donato Milanese\",\"isPartOf\":{\"@id\":\"http:\/\/artecultura.spazioapertoservizi.org\/scuolacivicasdm\/#website\"},\"primaryImageOfPage\":{\"@id\":\"https:\/\/artecultura.spazioapertoservizi.org\/scuolacivicasdm\/composizione-musicale\/#primaryimage\"},\"image\":{\"@id\":\"https:\/\/artecultura.spazioapertoservizi.org\/scuolacivicasdm\/composizione-musicale\/#primaryimage\"},\"thumbnailUrl\":\"https:\/\/artecultura.spazioapertoservizi.org\/scuolacivicasdm\/wp-content\/uploads\/sites\/2\/2024\/07\/BPM_2553_B-300x200.jpeg\",\"datePublished\":\"2024-07-29T15:01:42+00:00\",\"breadcrumb\":{\"@id\":\"https:\/\/artecultura.spazioapertoservizi.org\/scuolacivicasdm\/composizione-musicale\/#breadcrumb\"},\"inLanguage\":\"it-IT\",\"potentialAction\":[{\"@type\":\"ReadAction\",\"target\":[\"https:\/\/artecultura.spazioapertoservizi.org\/scuolacivicasdm\/composizione-musicale\/\"]}]},{\"@type\":\"ImageObject\",\"inLanguage\":\"it-IT\",\"@id\":\"https:\/\/artecultura.spazioapertoservizi.org\/scuolacivicasdm\/composizione-musicale\/#primaryimage\",\"url\":\"https:\/\/artecultura.spazioapertoservizi.org\/scuolacivicasdm\/wp-content\/uploads\/sites\/2\/2024\/07\/BPM_2553_B.jpeg\",\"contentUrl\":\"https:\/\/artecultura.spazioapertoservizi.org\/scuolacivicasdm\/wp-content\/uploads\/sites\/2\/2024\/07\/BPM_2553_B.jpeg\",\"width\":640,\"height\":427},{\"@type\":\"BreadcrumbList\",\"@id\":\"https:\/\/artecultura.spazioapertoservizi.org\/scuolacivicasdm\/composizione-musicale\/#breadcrumb\",\"itemListElement\":[{\"@type\":\"ListItem\",\"position\":1,\"name\":\"Home\",\"item\":\"http:\/\/artecultura.spazioapertoservizi.org\/scuolacivicasdm\/\"},{\"@type\":\"ListItem\",\"position\":2,\"name\":\"Composizione Musicale\"}]},{\"@type\":\"WebSite\",\"@id\":\"http:\/\/artecultura.spazioapertoservizi.org\/scuolacivicasdm\/#website\",\"url\":\"http:\/\/artecultura.spazioapertoservizi.org\/scuolacivicasdm\/\",\"name\":\"Scuola Civica San Donato Milanese\",\"description\":\"\",\"publisher\":{\"@id\":\"http:\/\/artecultura.spazioapertoservizi.org\/scuolacivicasdm\/#organization\"},\"potentialAction\":[{\"@type\":\"SearchAction\",\"target\":{\"@type\":\"EntryPoint\",\"urlTemplate\":\"http:\/\/artecultura.spazioapertoservizi.org\/scuolacivicasdm\/?s={search_term_string}\"},\"query-input\":{\"@type\":\"PropertyValueSpecification\",\"valueRequired\":true,\"valueName\":\"search_term_string\"}}],\"inLanguage\":\"it-IT\"},{\"@type\":\"Organization\",\"@id\":\"http:\/\/artecultura.spazioapertoservizi.org\/scuolacivicasdm\/#organization\",\"name\":\"Scuola Civica San Donato Milanese\",\"url\":\"http:\/\/artecultura.spazioapertoservizi.org\/scuolacivicasdm\/\",\"logo\":{\"@type\":\"ImageObject\",\"inLanguage\":\"it-IT\",\"@id\":\"http:\/\/artecultura.spazioapertoservizi.org\/scuolacivicasdm\/#\/schema\/logo\/image\/\",\"url\":\"https:\/\/artecultura.spazioapertoservizi.org\/scuolacivicasdm\/wp-content\/uploads\/sites\/2\/2021\/05\/Logo-SC_SDM_O_72dpi.jpg\",\"contentUrl\":\"https:\/\/artecultura.spazioapertoservizi.org\/scuolacivicasdm\/wp-content\/uploads\/sites\/2\/2021\/05\/Logo-SC_SDM_O_72dpi.jpg\",\"width\":297,\"height\":194,\"caption\":\"Scuola Civica San Donato Milanese\"},\"image\":{\"@id\":\"http:\/\/artecultura.spazioapertoservizi.org\/scuolacivicasdm\/#\/schema\/logo\/image\/\"}}]}<\/script>\n<!-- \/ Yoast SEO plugin. -->","yoast_head_json":{"title":"Composizione Musicale - Scuola Civica San Donato Milanese","robots":{"index":"index","follow":"follow","max-snippet":"max-snippet:-1","max-image-preview":"max-image-preview:large","max-video-preview":"max-video-preview:-1"},"canonical":"https:\/\/artecultura.spazioapertoservizi.org\/scuolacivicasdm\/composizione-musicale\/","og_locale":"it_IT","og_type":"article","og_title":"Composizione Musicale - Scuola Civica San Donato Milanese","og_url":"https:\/\/artecultura.spazioapertoservizi.org\/scuolacivicasdm\/composizione-musicale\/","og_site_name":"Scuola Civica San Donato Milanese","og_image":[{"url":"https:\/\/artecultura.spazioapertoservizi.org\/scuolacivicasdm\/wp-content\/uploads\/sites\/2\/2024\/07\/BPM_2553_B-300x200.jpeg","type":"","width":"","height":""}],"twitter_card":"summary_large_image","schema":{"@context":"https:\/\/schema.org","@graph":[{"@type":"WebPage","@id":"https:\/\/artecultura.spazioapertoservizi.org\/scuolacivicasdm\/composizione-musicale\/","url":"https:\/\/artecultura.spazioapertoservizi.org\/scuolacivicasdm\/composizione-musicale\/","name":"Composizione Musicale - Scuola Civica San Donato Milanese","isPartOf":{"@id":"http:\/\/artecultura.spazioapertoservizi.org\/scuolacivicasdm\/#website"},"primaryImageOfPage":{"@id":"https:\/\/artecultura.spazioapertoservizi.org\/scuolacivicasdm\/composizione-musicale\/#primaryimage"},"image":{"@id":"https:\/\/artecultura.spazioapertoservizi.org\/scuolacivicasdm\/composizione-musicale\/#primaryimage"},"thumbnailUrl":"https:\/\/artecultura.spazioapertoservizi.org\/scuolacivicasdm\/wp-content\/uploads\/sites\/2\/2024\/07\/BPM_2553_B-300x200.jpeg","datePublished":"2024-07-29T15:01:42+00:00","breadcrumb":{"@id":"https:\/\/artecultura.spazioapertoservizi.org\/scuolacivicasdm\/composizione-musicale\/#breadcrumb"},"inLanguage":"it-IT","potentialAction":[{"@type":"ReadAction","target":["https:\/\/artecultura.spazioapertoservizi.org\/scuolacivicasdm\/composizione-musicale\/"]}]},{"@type":"ImageObject","inLanguage":"it-IT","@id":"https:\/\/artecultura.spazioapertoservizi.org\/scuolacivicasdm\/composizione-musicale\/#primaryimage","url":"https:\/\/artecultura.spazioapertoservizi.org\/scuolacivicasdm\/wp-content\/uploads\/sites\/2\/2024\/07\/BPM_2553_B.jpeg","contentUrl":"https:\/\/artecultura.spazioapertoservizi.org\/scuolacivicasdm\/wp-content\/uploads\/sites\/2\/2024\/07\/BPM_2553_B.jpeg","width":640,"height":427},{"@type":"BreadcrumbList","@id":"https:\/\/artecultura.spazioapertoservizi.org\/scuolacivicasdm\/composizione-musicale\/#breadcrumb","itemListElement":[{"@type":"ListItem","position":1,"name":"Home","item":"http:\/\/artecultura.spazioapertoservizi.org\/scuolacivicasdm\/"},{"@type":"ListItem","position":2,"name":"Composizione Musicale"}]},{"@type":"WebSite","@id":"http:\/\/artecultura.spazioapertoservizi.org\/scuolacivicasdm\/#website","url":"http:\/\/artecultura.spazioapertoservizi.org\/scuolacivicasdm\/","name":"Scuola Civica San Donato Milanese","description":"","publisher":{"@id":"http:\/\/artecultura.spazioapertoservizi.org\/scuolacivicasdm\/#organization"},"potentialAction":[{"@type":"SearchAction","target":{"@type":"EntryPoint","urlTemplate":"http:\/\/artecultura.spazioapertoservizi.org\/scuolacivicasdm\/?s={search_term_string}"},"query-input":{"@type":"PropertyValueSpecification","valueRequired":true,"valueName":"search_term_string"}}],"inLanguage":"it-IT"},{"@type":"Organization","@id":"http:\/\/artecultura.spazioapertoservizi.org\/scuolacivicasdm\/#organization","name":"Scuola Civica San Donato Milanese","url":"http:\/\/artecultura.spazioapertoservizi.org\/scuolacivicasdm\/","logo":{"@type":"ImageObject","inLanguage":"it-IT","@id":"http:\/\/artecultura.spazioapertoservizi.org\/scuolacivicasdm\/#\/schema\/logo\/image\/","url":"https:\/\/artecultura.spazioapertoservizi.org\/scuolacivicasdm\/wp-content\/uploads\/sites\/2\/2021\/05\/Logo-SC_SDM_O_72dpi.jpg","contentUrl":"https:\/\/artecultura.spazioapertoservizi.org\/scuolacivicasdm\/wp-content\/uploads\/sites\/2\/2021\/05\/Logo-SC_SDM_O_72dpi.jpg","width":297,"height":194,"caption":"Scuola Civica San Donato Milanese"},"image":{"@id":"http:\/\/artecultura.spazioapertoservizi.org\/scuolacivicasdm\/#\/schema\/logo\/image\/"}}]}},"_links":{"self":[{"href":"https:\/\/artecultura.spazioapertoservizi.org\/scuolacivicasdm\/wp-json\/wp\/v2\/pages\/1070","targetHints":{"allow":["GET"]}}],"collection":[{"href":"https:\/\/artecultura.spazioapertoservizi.org\/scuolacivicasdm\/wp-json\/wp\/v2\/pages"}],"about":[{"href":"https:\/\/artecultura.spazioapertoservizi.org\/scuolacivicasdm\/wp-json\/wp\/v2\/types\/page"}],"author":[{"embeddable":true,"href":"https:\/\/artecultura.spazioapertoservizi.org\/scuolacivicasdm\/wp-json\/wp\/v2\/users\/3"}],"replies":[{"embeddable":true,"href":"https:\/\/artecultura.spazioapertoservizi.org\/scuolacivicasdm\/wp-json\/wp\/v2\/comments?post=1070"}],"version-history":[{"count":1,"href":"https:\/\/artecultura.spazioapertoservizi.org\/scuolacivicasdm\/wp-json\/wp\/v2\/pages\/1070\/revisions"}],"predecessor-version":[{"id":1072,"href":"https:\/\/artecultura.spazioapertoservizi.org\/scuolacivicasdm\/wp-json\/wp\/v2\/pages\/1070\/revisions\/1072"}],"wp:attachment":[{"href":"https:\/\/artecultura.spazioapertoservizi.org\/scuolacivicasdm\/wp-json\/wp\/v2\/media?parent=1070"}],"curies":[{"name":"wp","href":"https:\/\/api.w.org\/{rel}","templated":true}]}}